{"id":19948,"date":"2022-06-22T14:19:39","date_gmt":"2022-06-22T12:19:39","guid":{"rendered":"https:\/\/www.mobilize.com\/?page_id=19948"},"modified":"2024-08-20T17:17:10","modified_gmt":"2024-08-20T15:17:10","slug":"operatori-di-mobilita-delle-persone","status":"publish","type":"page","link":"https:\/\/www.mobilize.com\/it\/servizi-di-mobilita\/operatori-di-mobilita-delle-persone\/","title":{"rendered":"operatori di mobilit\u00e0 delle persone"},"content":{"rendered":"<div class=\"cp-breadcrumb teq-container\" id=\"breadcrumbs\"><span><span><a href=\"https:\/\/www.mobilize.com\/it\/\">homepage<\/a><\/span><\/span><\/div>\n\n\n<section class=\"cp-share-social\">\n\t<div class=\"btn-open-social js-btn-open-social\">\n\t\t<svg class=\"icon-share\">\n\t\t\t<use xlink:href=\"#icon-share\"><\/use>\n\t\t<\/svg>\n\t\t<svg class=\"icon-close\">\n\t\t\t<use xlink:href=\"#icon-close\"><\/use>\n\t\t<\/svg>\n\t<\/div>\n\t<div class=\"hidden-links\">\n\t\t<a target=\"_blank\" class=\"share-button\" href=\"https:\/\/www.facebook.com\/sharer\/sharer.php?u=https:\/\/www.mobilize.com\/it\/servizi-di-mobilita\/operatori-di-mobilita-delle-persone\/\" onclick='window.dataLayer.push({\"eventCategory\": \"Click Social\",\"eventAction\": \"facebook\",\"event\": \"gaEvent\"})' title=\"Share on Facebook\">\n\t\t\t<svg class=\"icon icon-facebook\">\n\t\t\t\t<use xlink:href=\"#icon-facebook\"><\/use>\n\t\t\t<\/svg>\n\t\t<\/a>\n\t\t<a target=\"_blank\" class=\"share-button\" href=\"https:\/\/twitter.com\/share?url=https:\/\/www.mobilize.com\/it\/servizi-di-mobilita\/operatori-di-mobilita-delle-persone\/&#038;text=Veicoli a richiesta o in car sharing - Mobilize \" onclick='window.dataLayer.push({\"eventCategory\": \"Click Social\",\"eventAction\": \"twitter\",\"event\": \"gaEvent\"})' title=\"Tweet this\">\n\t\t\t<svg class=\"icon icon-twitter\">\n\t\t\t\t<use xlink:href=\"#icon-twitter\"><\/use>\n\t\t\t<\/svg>\n\t\t<\/a>\n\t\t<a target=\"_blank\" class=\"share-button\" href=\"https:\/\/www.linkedin.com\/shareArticle?mini=true&#038;url=https:\/\/www.mobilize.com\/it\/servizi-di-mobilita\/operatori-di-mobilita-delle-persone\/\" onclick='window.dataLayer.push({\"eventCategory\": \"Click Social\",\"eventAction\": \"linkedin\",\"event\": \"gaEvent\"})' title=\"Share on LinkedIn\">\n\t\t\t<svg class=\"icon icon-linkedin\">\n\t\t\t\t<use xlink:href=\"#icon-linkedin\"><\/use>\n\t\t\t<\/svg>\n\t\t<\/a>\n\t<\/div>\n<\/section>\n\n\n\n<div class=\"cp-news-banner\">\n\t<div class=\"teq-container\">\n\t\t\t\t\t<h1 >\n\t\t\t\tal servizio del lavoro dei <span style=\"color: #f84300;\">professionisti della mobilit\u00e0<\/span>\n\t\t\t<\/h1>\n\t\t\n\t\t<div class=\"intro\"><p>Ogni giorno miliardi di persone si spostano. Per motivi personali o di lavoro, singolarmente o in gruppo, per una decina di minuti o diverse ore. Tragitti che implicano la presenza di conducenti privati, autisti professionisti e, naturalmente, passeggeri. Per rispondere a tutte queste esigenze, Mobilize ha ideato una serie di soluzioni per semplificare la vita quotidiana, in particolare per coloro che fanno della mobilit\u00e0 il proprio lavoro.<\/p>\n<\/div>\n\t\t\t\t\t<div class=\"illust\">\n\t\t\t\t\t\t\t\t\t\t\t\t\t<picture>\n\t\t\t\t\t\t<!-- mobile image -->\n\t\t\t\t\t\t<source media=\"(max-width: 499px)\" srcset=\"https:\/\/www.mobilize.com\/app\/uploads\/2022\/05\/Mobilite\u0301-de-la-personneV1.jpg\">\n\n\t\t\t\t\t\t<!-- desktop image -->\n\t\t\t\t\t\t<source media=\"(min-width: 500px)\" srcset=\"https:\/\/www.mobilize.com\/app\/uploads\/2022\/05\/Mobilite\u0301-de-la-personneV1.jpg\">\n\n\t\t\t\t\t\t<!-- desktop image -->\n\t\t\t\t\t\t<img decoding=\"async\" src=\"https:\/\/www.mobilize.com\/app\/uploads\/2022\/05\/Mobilite\u0301-de-la-personneV1.jpg\" alt=\"\">\n\t\t\t\t\t<\/picture>\n\t\t\t\t\t\t\t<\/div>\n\t\t\t<\/div>\n<\/div>\n\n\n\n<div class=\"cp-intro-cta-line\">\n    <div class=\"teq-container -narrow\">\n\t\t\t\t\t<h2 class=\"title-introduction show\">\n\t\t\t\t<span style=\"color: #f84300;\">operatori per la mobilit\u00e0 delle persone<\/span> \n\t\t\t<\/h2>\n\t\t\t\t\t\t\t<div class=\"sub-title show\">\n\t\t\t\t<p>Per soddisfare le nuove esigenze dei tuoi clienti e rispondere ai tuoi requisiti di redditivit\u00e0 ed efficienza, Mobilize propone soluzioni subito utilizzabili o su misura. Veicoli appositamente progettati per il tuo utilizzo, offerte di abbonamento per veicoli, pacchetti di servizi che vanno dalla manutenzione all&#8217;assistenza, nonch\u00e9 soluzioni di ricarica innovative. Mobilize si mette al servizio del tuo business.<\/p>\n\t\t\t<\/div>\n\t\t\t\t\t\t    <\/div>\n<\/div>\n\n\n\n<div class=\"cp-tree-3-cols-multi-lines\">\n    <div class=\"teq-container\">\n        <div class=\"flex-container showUpGroup\">\n\t\t\t\t\t\t\t\t\t\t\t\t<div class=\"item-card relative showUpDelay\">\n\t\t\t\t\t\t<div class=\"illust\">\n\t\t\t\t\t\t\t\t\t\t\t\t\t\t\t<img decoding=\"async\" src=\"https:\/\/www.mobilize.com\/app\/uploads\/2022\/05\/taxis-ou-vtc.jpg\" \n\t\t\t\t\t\t\t\t\talt=\"taxis vtc mobilize\">\n\t\t\t\t\t\t\t\t\t\t\t\t\t<\/div>\n\t\t\t\t\t\t<div class=\"card-content-wrapper\">\n\t\t\t\t\t\t\t\t\t\t\t\t\t\t\t<h3 class=\"card-title\">TAXI O NOLEGGIO CON CONDUCENTE<\/h3>\n\t\t\t\t\t\t\t\t\t\t\t\t\t\t\t\t\t\t\t\t\t\t<div class=\"card-text\">\n\t\t\t\t\t\t\t\t\tMobilize sta sviluppando servizi adatti alle esigenze delle societ\u00e0 di taxi e di noleggio con conducente. Gli obiettivi principali? Ottimizzare i viaggi mettendo in contatto utenti, autisti e gestori di parchi e facilitare la ricarica attraverso un&#8217;assistenza personalizzata.\t\t\t\t\t\t\t\t<\/div>\n\t\t\t\t\t\t\t\t\t\t\t\t\t<\/div>\n\t\t\t\t\t\t\t\t\t\t\t\t\t\t\t\t\t\t\t<a class=\"stretched-link\" href=\"https:\/\/www.mobilize.com\/it\/servizi-di-mobilita\/operatori-di-mobilita-delle-persone\/unofferta-su-misura-per-gli-autisti\/\" target=\"\"><\/a>\n\t\t\t\t\t\t\t\t\t\t\t<\/div>\n\t\t\t\t\t\t\t\t\t<div class=\"item-card relative showUpDelay\">\n\t\t\t\t\t\t<div class=\"illust\">\n\t\t\t\t\t\t\t\t\t\t\t\t\t\t\t<img decoding=\"async\" src=\"https:\/\/www.mobilize.com\/app\/uploads\/2022\/05\/ope\u0301rateurs-dauto-partage.jpg\" \n\t\t\t\t\t\t\t\t\talt=\"op\u00e9rateur d'autopartage\">\n\t\t\t\t\t\t\t\t\t\t\t\t\t<\/div>\n\t\t\t\t\t\t<div class=\"card-content-wrapper\">\n\t\t\t\t\t\t\t\t\t\t\t\t\t\t\t<h3 class=\"card-title\">OPERATORI DI CAR SHARING<\/h3>\n\t\t\t\t\t\t\t\t\t\t\t\t\t\t\t\t\t\t\t\t\t\t<div class=\"card-text\">\n\t\t\t\t\t\t\t\t\tOrmai i veicoli non sono pi\u00f9 di propriet\u00e0, bens\u00ec condivisi. I veicoli non possono pi\u00f9 essere noleggiati solo presso una filiale, anzi possono essere geolocalizzati e accessibili in modalit\u00e0 self-service 24 ore su 24, 7 giorni su 7. I professionisti del car sharing e le soluzioni white label di Mobilize servono proprio a ottimizzare la tua attivit\u00e0 e l&#8217;esperienza dei tuoi clienti finali.\t\t\t\t\t\t\t\t<\/div>\n\t\t\t\t\t\t\t\t\t\t\t\t\t<\/div>\n\t\t\t\t\t\t\t\t\t\t\t\t\t\t\t\t\t\t\t<a class=\"stretched-link\" href=\"https:\/\/www.mobilize.com\/it\/servizi-di-mobilita\/operatori-di-mobilita-delle-persone\/benvenuto-nellera-del-car-sharing\/\" target=\"\"><\/a>\n\t\t\t\t\t\t\t\t\t\t\t<\/div>\n\t\t\t\t\t\t\t\t\t<div class=\"item-card relative showUpDelay\">\n\t\t\t\t\t\t<div class=\"illust\">\n\t\t\t\t\t\t\t\t\t\t\t\t\t\t\t<img decoding=\"async\" src=\"https:\/\/www.mobilize.com\/app\/uploads\/2022\/05\/recharge-1.jpg\" \n\t\t\t\t\t\t\t\t\talt=\"recharge mobilize\">\n\t\t\t\t\t\t\t\t\t\t\t\t\t<\/div>\n\t\t\t\t\t\t<div class=\"card-content-wrapper\">\n\t\t\t\t\t\t\t\t\t\t\t\t\t\t\t<h3 class=\"card-title\">RICARICA INTELLIGENTE<\/h3>\n\t\t\t\t\t\t\t\t\t\t\t\t\t\t\t\t\t\t\t\t\t\t<div class=\"card-text\">\n\t\t\t\t\t\t\t\t\tMobilize pone la mobilit\u00e0 elettrica al centro delle sue proposte e ne facilita l&#8217;adozione attraverso le soluzioni di ricarica pi\u00f9 appropriate. In qualit\u00e0 di autista professionista oppure operatore di car sharing, scopri tutte le possibilit\u00e0 di ricarica offerte da Mobilize.\t\t\t\t\t\t\t\t<\/div>\n\t\t\t\t\t\t\t\t\t\t\t\t\t<\/div>\n\t\t\t\t\t\t\t\t\t\t\t\t\t\t\t\t\t\t\t<a class=\"stretched-link\" href=\"https:\/\/www.mobilize.com\/it\/servizi-di-mobilita\/operatori-di-mobilita-delle-persone\/la-ricarica-in-qualsiasi-circostanza\/\" target=\"\"><\/a>\n\t\t\t\t\t\t\t\t\t\t\t<\/div>\n\t\t\t\t\t\t\t\t\t<div class=\"item-card relative showUpDelay\">\n\t\t\t\t\t\t<div class=\"illust\">\n\t\t\t\t\t\t\t\t\t\t\t\t\t\t\t<img decoding=\"async\" src=\"https:\/\/www.mobilize.com\/app\/uploads\/2022\/05\/FINANCEMENT-ET-ASSURANCE.jpg\" \n\t\t\t\t\t\t\t\t\talt=\"financement et assurance mobilize\">\n\t\t\t\t\t\t\t\t\t\t\t\t\t<\/div>\n\t\t\t\t\t\t<div class=\"card-content-wrapper\">\n\t\t\t\t\t\t\t\t\t\t\t\t\t\t\t<h3 class=\"card-title\">FINANZIAMENTO E ASSICURAZIONE<\/h3>\n\t\t\t\t\t\t\t\t\t\t\t\t\t\t\t\t\t\t\t\t\t\t<div class=\"card-text\">\n\t\t\t\t\t\t\t\t\tIndipendentemente che tu sia un autista professionista alla ricerca di uno strumento di lavoro o un operatore di car sharing alla ricerca di un parco, \u00e8 sempre disponibile una soluzione di finanziamento e assicurazione Mobilize adatta a te.\t\t\t\t\t\t\t\t<\/div>\n\t\t\t\t\t\t\t\t\t\t\t\t\t<\/div>\n\t\t\t\t\t\t\t\t\t\t\t\t\t\t\t\t\t\t\t<a class=\"stretched-link\" href=\"https:\/\/www.mobilize.com\/it\/servizi-di-mobilita\/operatori-di-mobilita-delle-persone\/soluzioni-di-finanziamento-e-assicurazione-su-misura\/\" target=\"\"><\/a>\n\t\t\t\t\t\t\t\t\t\t\t<\/div>\n\t\t\t\t\t\t\t        <\/div>\n\n\n    <\/div>\n<\/div>\n\n\n\n\n<div class=\"cp-rebound-two-blocks\">\n\t<div class=\"teq-container\">\n\t\t\t\t\t<div class=\"intro-title-text showUpGroup\">\n\t\t\t\t\t\t\t\t\t<h2 class=\"title-intro showUpDelay\">sullo stesso tema<\/h2>\n\t\t\t\t\t\t\t<\/div>\n\t\t\t\t<div class=\"flex-container showUpGroup\">\n\t\t\t\t\t\t\t\t\t\t<div class=\"item showUpDelay\">\n\t\t\t\t\t<div class=\"illust\">\n\t\t\t\t\t\t\t\t\t\t\t\t\t\t\t\t\t\t\t<img decoding=\"async\" src=\"https:\/\/www.mobilize.com\/app\/uploads\/2022\/05\/Particuliers-entreprisesV1.jpg\" alt=\"\"\/>\n\t\t\t\t\t\t\t\t\t\t\t<\/div>\n\t\t\t\t\t<div class=\"card-content-wrapper\">\n\t\t\t\t\t\t\t\t\t\t\t\t\t<h3 class=\"card-title \">privati e imprese<\/h3>\n\t\t\t\t\t\t\t\t\t\t\t\t\t\t\t\t\t\t\t<div class=\"card-text \">\n\t\t\t\t\t\t\t\tMobilize sviluppa servizi di mobilit\u00e0 sostenibile per tutti. Desideri sapere come ottimizzare la ricarica del tuo veicolo elettrico? Vuoi provare il car sharing? Oppure installare stazioni di ricarica a casa o in azienda? Mobilize \u00e8 al tuo servizio.\t\t\t\t\t\t\t<\/div>\n\t\t\t\t\t\t\t\t\t\t\t<\/div>\n\t\t\t\t\t\t\t\t\t\t\t<a class=\"stretched-link\" href=\"https:\/\/www.mobilize.com\/it\/servizi-di-mobilita\/privati-e-imprese\/\" target=\"\"><\/a>\n\t\t\t\t\t\t\t\t\t<\/div>\n\t\t\t\t\t\t\t<div class=\"item showUpDelay\">\n\t\t\t\t\t<div class=\"illust\">\n\t\t\t\t\t\t\t\t\t\t\t\t\t\t\t\t\t\t\t<img decoding=\"async\" src=\"https:\/\/www.mobilize.com\/app\/uploads\/2022\/05\/Logistique-urbaine-primary.jpg\" alt=\"\"\/>\n\t\t\t\t\t\t\t\t\t\t\t<\/div>\n\t\t\t\t\t<div class=\"card-content-wrapper\">\n\t\t\t\t\t\t\t\t\t\t\t\t\t<h3 class=\"card-title \">operatori di logistica urbana<\/h3>\n\t\t\t\t\t\t\t\t\t\t\t\t\t\t\t\t\t\t\t<div class=\"card-text \">\n\t\t\t\t\t\t\t\tMobilize risponde alle esigenze dei professionisti delle consegne dell&#8217;ultimo chilometro. Grazie al suo ecosistema unico, le sue soluzioni e offerte complete e su misura sono pensate per facilitare il trasporto delle merci e si integrano nelle nuove politiche cittadine.\t\t\t\t\t\t\t<\/div>\n\t\t\t\t\t\t\t\t\t\t\t<\/div>\n\t\t\t\t\t\t\t\t\t\t\t<a class=\"stretched-link\" href=\"https:\/\/www.mobilize.com\/it\/servizi-di-mobilita\/operatori-di-logistica-urbana\/\" target=\"\"><\/a>\n\t\t\t\t\t\t\t\t\t<\/div>\n\t\t\t\t\t<\/div>\n\t<\/div>\n<\/div>\n","protected":false},"excerpt":{"rendered":"<p>Ogni giorno miliardi di persone si spostano. Per motivi personali o di lavoro, singolarmente o in gruppo, per una decina di minuti o diverse ore. Tragitti che implicano la presenza di conducenti privati, autisti professionisti e, naturalmente, passeggeri. Per rispondere a tutte queste esigenze, Mobilize ha ideato una serie di soluzioni per semplificare la vita quotidiana, in particolare per coloro che fanno della mobilit\u00e0 il proprio lavoro.<\/p>\n","protected":false},"author":2,"featured_media":0,"parent":19638,"menu_order":0,"comment_status":"closed","ping_status":"closed","template":"","meta":{"_acf_changed":false,"footnotes":""},"acf":[],"yoast_head":"<!-- This site is optimized with the Yoast SEO plugin v22.2 - https:\/\/yoast.com\/wordpress\/plugins\/seo\/ -->\n<title>Veicoli a richiesta o in car sharing - Mobilize<\/title>\n<meta name=\"description\" content=\"Taxi, VTC, operatori di car sharing? Mobilize ottimizza la vostra attivit\u00e0 con soluzioni su misura \u2713 Abbonamento auto \u2713 Assicurazione \u2713 Ricarica\" \/>\n<meta name=\"robots\" content=\"index, follow, max-snippet:-1, max-image-preview:large, max-video-preview:-1\" \/>\n<link rel=\"canonical\" href=\"https:\/\/www.mobilize.com\/it\/servizi-di-mobilita\/operatori-di-mobilita-delle-persone\/\" \/>\n<meta property=\"og:locale\" content=\"it_IT\" \/>\n<meta property=\"og:type\" content=\"article\" \/>\n<meta property=\"og:title\" content=\"Veicoli a richiesta o in car sharing - Mobilize\" \/>\n<meta property=\"og:description\" content=\"Taxi, VTC, operatori di car sharing? Mobilize ottimizza la vostra attivit\u00e0 con soluzioni su misura \u2713 Abbonamento auto \u2713 Assicurazione \u2713 Ricarica\" \/>\n<meta property=\"og:url\" content=\"https:\/\/www.mobilize.com\/it\/servizi-di-mobilita\/operatori-di-mobilita-delle-persone\/\" \/>\n<meta property=\"og:site_name\" content=\"Mobilize\" \/>\n<meta property=\"article:modified_time\" content=\"2024-08-20T15:17:10+00:00\" \/>\n<meta property=\"og:image\" content=\"https:\/\/www.mobilize.com\/app\/uploads\/2022\/05\/Mobilite\u2560u-de-la-personne.jpeg\" \/>\n\t<meta property=\"og:image:width\" content=\"1200\" \/>\n\t<meta property=\"og:image:height\" content=\"600\" \/>\n\t<meta property=\"og:image:type\" content=\"image\/jpeg\" \/>\n<meta name=\"twitter:card\" content=\"summary_large_image\" \/>\n<meta name=\"twitter:image\" content=\"https:\/\/www.mobilize.com\/app\/uploads\/2022\/05\/Mobilite\u2560u-de-la-personne.jpeg\" \/>\n<script type=\"application\/ld+json\" class=\"yoast-schema-graph\">{\"@context\":\"https:\/\/schema.org\",\"@graph\":[{\"@type\":\"WebPage\",\"@id\":\"https:\/\/www.mobilize.com\/it\/servizi-di-mobilita\/operatori-di-mobilita-delle-persone\/\",\"url\":\"https:\/\/www.mobilize.com\/it\/servizi-di-mobilita\/operatori-di-mobilita-delle-persone\/\",\"name\":\"Veicoli a richiesta o in car sharing - Mobilize\",\"isPartOf\":{\"@id\":\"https:\/\/www.mobilize.com\/it\/#website\"},\"datePublished\":\"2022-06-22T12:19:39+00:00\",\"dateModified\":\"2024-08-20T15:17:10+00:00\",\"description\":\"Taxi, VTC, operatori di car sharing? Mobilize ottimizza la vostra attivit\u00e0 con soluzioni su misura \u2713 Abbonamento auto \u2713 Assicurazione \u2713 Ricarica\",\"breadcrumb\":{\"@id\":\"https:\/\/www.mobilize.com\/it\/servizi-di-mobilita\/operatori-di-mobilita-delle-persone\/#breadcrumb\"},\"inLanguage\":\"it-IT\",\"potentialAction\":[{\"@type\":\"ReadAction\",\"target\":[\"https:\/\/www.mobilize.com\/it\/servizi-di-mobilita\/operatori-di-mobilita-delle-persone\/\"]}]},{\"@type\":\"BreadcrumbList\",\"@id\":\"https:\/\/www.mobilize.com\/it\/servizi-di-mobilita\/operatori-di-mobilita-delle-persone\/#breadcrumb\",\"itemListElement\":[{\"@type\":\"ListItem\",\"position\":1,\"name\":\"homepage\",\"item\":\"https:\/\/www.mobilize.com\/it\/\"},{\"@type\":\"ListItem\",\"position\":2,\"name\":\"servizi di mobilit\u00e0\",\"item\":\"https:\/\/www.mobilize.com\/it\/servizi-di-mobilita\/\"},{\"@type\":\"ListItem\",\"position\":3,\"name\":\"operatori di mobilit\u00e0 delle persone\"}]},{\"@type\":\"WebSite\",\"@id\":\"https:\/\/www.mobilize.com\/it\/#website\",\"url\":\"https:\/\/www.mobilize.com\/it\/\",\"name\":\"Mobilize\",\"description\":\"beyond automotive\",\"potentialAction\":[{\"@type\":\"SearchAction\",\"target\":{\"@type\":\"EntryPoint\",\"urlTemplate\":\"https:\/\/www.mobilize.com\/it\/?s={search_term_string}\"},\"query-input\":\"required name=search_term_string\"}],\"inLanguage\":\"it-IT\"}]}<\/script>\n<!-- \/ Yoast SEO plugin. -->","yoast_head_json":{"title":"Veicoli a richiesta o in car sharing - Mobilize","description":"Taxi, VTC, operatori di car sharing? Mobilize ottimizza la vostra attivit\u00e0 con soluzioni su misura \u2713 Abbonamento auto \u2713 Assicurazione \u2713 Ricarica","robots":{"index":"index","follow":"follow","max-snippet":"max-snippet:-1","max-image-preview":"max-image-preview:large","max-video-preview":"max-video-preview:-1"},"canonical":"https:\/\/www.mobilize.com\/it\/servizi-di-mobilita\/operatori-di-mobilita-delle-persone\/","og_locale":"it_IT","og_type":"article","og_title":"Veicoli a richiesta o in car sharing - Mobilize","og_description":"Taxi, VTC, operatori di car sharing? Mobilize ottimizza la vostra attivit\u00e0 con soluzioni su misura \u2713 Abbonamento auto \u2713 Assicurazione \u2713 Ricarica","og_url":"https:\/\/www.mobilize.com\/it\/servizi-di-mobilita\/operatori-di-mobilita-delle-persone\/","og_site_name":"Mobilize","article_modified_time":"2024-08-20T15:17:10+00:00","og_image":[{"width":1200,"height":600,"url":"https:\/\/www.mobilize.com\/app\/uploads\/2022\/05\/Mobilite\u2560u-de-la-personne.jpeg","type":"image\/jpeg"}],"twitter_card":"summary_large_image","twitter_image":"https:\/\/www.mobilize.com\/app\/uploads\/2022\/05\/Mobilite\u2560u-de-la-personne.jpeg","schema":{"@context":"https:\/\/schema.org","@graph":[{"@type":"WebPage","@id":"https:\/\/www.mobilize.com\/it\/servizi-di-mobilita\/operatori-di-mobilita-delle-persone\/","url":"https:\/\/www.mobilize.com\/it\/servizi-di-mobilita\/operatori-di-mobilita-delle-persone\/","name":"Veicoli a richiesta o in car sharing - Mobilize","isPartOf":{"@id":"https:\/\/www.mobilize.com\/it\/#website"},"datePublished":"2022-06-22T12:19:39+00:00","dateModified":"2024-08-20T15:17:10+00:00","description":"Taxi, VTC, operatori di car sharing? Mobilize ottimizza la vostra attivit\u00e0 con soluzioni su misura \u2713 Abbonamento auto \u2713 Assicurazione \u2713 Ricarica","breadcrumb":{"@id":"https:\/\/www.mobilize.com\/it\/servizi-di-mobilita\/operatori-di-mobilita-delle-persone\/#breadcrumb"},"inLanguage":"it-IT","potentialAction":[{"@type":"ReadAction","target":["https:\/\/www.mobilize.com\/it\/servizi-di-mobilita\/operatori-di-mobilita-delle-persone\/"]}]},{"@type":"BreadcrumbList","@id":"https:\/\/www.mobilize.com\/it\/servizi-di-mobilita\/operatori-di-mobilita-delle-persone\/#breadcrumb","itemListElement":[{"@type":"ListItem","position":1,"name":"homepage","item":"https:\/\/www.mobilize.com\/it\/"},{"@type":"ListItem","position":2,"name":"servizi di mobilit\u00e0","item":"https:\/\/www.mobilize.com\/it\/servizi-di-mobilita\/"},{"@type":"ListItem","position":3,"name":"operatori di mobilit\u00e0 delle persone"}]},{"@type":"WebSite","@id":"https:\/\/www.mobilize.com\/it\/#website","url":"https:\/\/www.mobilize.com\/it\/","name":"Mobilize","description":"beyond automotive","potentialAction":[{"@type":"SearchAction","target":{"@type":"EntryPoint","urlTemplate":"https:\/\/www.mobilize.com\/it\/?s={search_term_string}"},"query-input":"required name=search_term_string"}],"inLanguage":"it-IT"}]}},"_links":{"self":[{"href":"https:\/\/www.mobilize.com\/it\/wp-json\/wp\/v2\/pages\/19948"}],"collection":[{"href":"https:\/\/www.mobilize.com\/it\/wp-json\/wp\/v2\/pages"}],"about":[{"href":"https:\/\/www.mobilize.com\/it\/wp-json\/wp\/v2\/types\/page"}],"author":[{"embeddable":true,"href":"https:\/\/www.mobilize.com\/it\/wp-json\/wp\/v2\/users\/2"}],"replies":[{"embeddable":true,"href":"https:\/\/www.mobilize.com\/it\/wp-json\/wp\/v2\/comments?post=19948"}],"version-history":[{"count":10,"href":"https:\/\/www.mobilize.com\/it\/wp-json\/wp\/v2\/pages\/19948\/revisions"}],"predecessor-version":[{"id":34574,"href":"https:\/\/www.mobilize.com\/it\/wp-json\/wp\/v2\/pages\/19948\/revisions\/34574"}],"up":[{"embeddable":true,"href":"https:\/\/www.mobilize.com\/it\/wp-json\/wp\/v2\/pages\/19638"}],"wp:attachment":[{"href":"https:\/\/www.mobilize.com\/it\/wp-json\/wp\/v2\/media?parent=19948"}],"curies":[{"name":"wp","href":"https:\/\/api.w.org\/{rel}","templated":true}]}}